{"id":9275,"date":"2025-04-15T21:59:50","date_gmt":"2025-04-15T19:59:50","guid":{"rendered":"https:\/\/www.hauser.de\/?post_type=projekte&#038;p=9275"},"modified":"2025-04-16T08:58:30","modified_gmt":"2025-04-16T06:58:30","slug":"project-mind-garden","status":"publish","type":"projekte","link":"https:\/\/www.hauser.de\/en\/projects\/project-mind-garden\/","title":{"rendered":"Project Mind Garden"},"content":{"rendered":"\t\t<div data-elementor-type=\"wp-post\" data-elementor-id=\"9275\" class=\"elementor elementor-9275 elementor-9274\" data-elementor-post-type=\"projekte\">\n\t\t\t\t\t\t<section class=\"elementor-section elementor-top-section elementor-element elementor-element-c90b1a5 elementor-section-boxed elementor-section-height-default elementor-section-height-default\" data-id=\"c90b1a5\" data-element_type=\"section\" data-e-type=\"section\">\n\t\t\t\t\t\t<div class=\"elementor-container elementor-column-gap-default\">\n\t\t\t\t\t<div class=\"elementor-column elementor-col-100 elementor-top-column elementor-element elementor-element-c428452\" data-id=\"c428452\" data-element_type=\"column\" data-e-type=\"column\">\n\t\t\t<div class=\"elementor-widget-wrap elementor-element-populated\">\n\t\t\t\t\t\t<div class=\"elementor-element elementor-element-6bb9ced elementor-widget elementor-widget-gallery\" data-id=\"6bb9ced\" data-element_type=\"widget\" data-e-type=\"widget\" data-settings=\"{&quot;gallery_layout&quot;:&quot;masonry&quot;,&quot;gap&quot;:{&quot;unit&quot;:&quot;px&quot;,&quot;size&quot;:33,&quot;sizes&quot;:[]},&quot;columns&quot;:2,&quot;columns_tablet&quot;:2,&quot;columns_mobile&quot;:1,&quot;gap_tablet&quot;:{&quot;unit&quot;:&quot;px&quot;,&quot;size&quot;:10,&quot;sizes&quot;:[]},&quot;gap_mobile&quot;:{&quot;unit&quot;:&quot;px&quot;,&quot;size&quot;:10,&quot;sizes&quot;:[]},&quot;link_to&quot;:&quot;file&quot;,&quot;overlay_background&quot;:&quot;yes&quot;,&quot;content_hover_animation&quot;:&quot;fade-in&quot;}\" data-widget_type=\"gallery.default\">\n\t\t\t\t<div class=\"elementor-widget-container\">\n\t\t\t\t\t\t\t<div class=\"elementor-gallery__container\">\n\t\t\t\t\t\t\t<a class=\"e-gallery-item elementor-gallery-item elementor-animated-content\" href=\"https:\/\/www.hauser.de\/wp-content\/uploads\/2025\/04\/projekt_mindgarten_allgemeine_Suedboden_Muenchen_hauser_10.jpg\" data-elementor-open-lightbox=\"yes\" data-elementor-lightbox-slideshow=\"6bb9ced\" data-elementor-lightbox-title=\"projekt_mindgarten_allgemeine_Suedboden_Muenchen_hauser_10\" data-e-action-hash=\"#elementor-action%3Aaction%3Dlightbox%26settings%3DeyJpZCI6OTMwOCwidXJsIjoiaHR0cHM6XC9cL3d3dy5oYXVzZXIuZGVcL3dwLWNvbnRlbnRcL3VwbG9hZHNcLzIwMjVcLzA0XC9wcm9qZWt0X21pbmRnYXJ0ZW5fYWxsZ2VtZWluZV9TdWVkYm9kZW5fTXVlbmNoZW5faGF1c2VyXzEwLmpwZyIsInNsaWRlc2hvdyI6IjZiYjljZWQifQ%3D%3D\">\n\t\t\t\t\t<div class=\"e-gallery-image elementor-gallery-item__image\" data-thumbnail=\"https:\/\/www.hauser.de\/wp-content\/uploads\/2025\/04\/projekt_mindgarten_allgemeine_Suedboden_Muenchen_hauser_10.jpg\" data-width=\"1200\" data-height=\"800\" aria-label=\"Projekt \u201eMindgarten\u201c \u2013 ein innovativer Konferenzraum in den R\u00e4umen der Allgemeinen S\u00fcdboden in M\u00fcnchen. Hauser realisierte hier ein modernes Raumkonzept mit Akustik, Licht und M\u00f6blierung f\u00fcr kreative Zusammenarbeit.\" role=\"img\" ><\/div>\n\t\t\t\t\t\t\t\t\t\t\t<div class=\"elementor-gallery-item__overlay\"><\/div>\n\t\t\t\t\t\t\t\t\t\t\t\t\t\t<\/a>\n\t\t\t\t\t\t\t<a class=\"e-gallery-item elementor-gallery-item elementor-animated-content\" href=\"https:\/\/www.hauser.de\/wp-content\/uploads\/2025\/04\/projekt_mindgarten_allgemeine_Suedboden_Muenchen_hauser_9.jpg\" data-elementor-open-lightbox=\"yes\" data-elementor-lightbox-slideshow=\"6bb9ced\" data-elementor-lightbox-title=\"projekt_mindgarten_allgemeine_Suedboden_Muenchen_hauser_9\" data-e-action-hash=\"#elementor-action%3Aaction%3Dlightbox%26settings%3DeyJpZCI6OTMwNiwidXJsIjoiaHR0cHM6XC9cL3d3dy5oYXVzZXIuZGVcL3dwLWNvbnRlbnRcL3VwbG9hZHNcLzIwMjVcLzA0XC9wcm9qZWt0X21pbmRnYXJ0ZW5fYWxsZ2VtZWluZV9TdWVkYm9kZW5fTXVlbmNoZW5faGF1c2VyXzkuanBnIiwic2xpZGVzaG93IjoiNmJiOWNlZCJ9\">\n\t\t\t\t\t<div class=\"e-gallery-image elementor-gallery-item__image\" data-thumbnail=\"https:\/\/www.hauser.de\/wp-content\/uploads\/2025\/04\/projekt_mindgarten_allgemeine_Suedboden_Muenchen_hauser_9.jpg\" data-width=\"1200\" data-height=\"800\" aria-label=\"Das ist ein weiterer Bereich des Projekts Mindgarten bei der Allgemeinen S\u00fcdboden in M\u00fcnchen, realisiert von Hauser. Der Raum zeigt ein modernes, modulares Kommunikations- und Begegnungsareal mit flexibler M\u00f6blierung, Lounge-Zonen, akzentuierter Beleuchtung und einem kreativen Farbkonzept. Perfekt f\u00fcr Workshops, Vortr\u00e4ge oder informellen Austausch.\" role=\"img\" ><\/div>\n\t\t\t\t\t\t\t\t\t\t\t<div class=\"elementor-gallery-item__overlay\"><\/div>\n\t\t\t\t\t\t\t\t\t\t\t\t\t\t<\/a>\n\t\t\t\t\t\t\t<a class=\"e-gallery-item elementor-gallery-item elementor-animated-content\" href=\"https:\/\/www.hauser.de\/wp-content\/uploads\/2025\/04\/projekt_mindgarten_allgemeine_Suedboden_Muenchen_hauser_8.jpg\" data-elementor-open-lightbox=\"yes\" data-elementor-lightbox-slideshow=\"6bb9ced\" data-elementor-lightbox-title=\"projekt_mindgarten_allgemeine_Suedboden_Muenchen_hauser_8\" data-e-action-hash=\"#elementor-action%3Aaction%3Dlightbox%26settings%3DeyJpZCI6OTMwNCwidXJsIjoiaHR0cHM6XC9cL3d3dy5oYXVzZXIuZGVcL3dwLWNvbnRlbnRcL3VwbG9hZHNcLzIwMjVcLzA0XC9wcm9qZWt0X21pbmRnYXJ0ZW5fYWxsZ2VtZWluZV9TdWVkYm9kZW5fTXVlbmNoZW5faGF1c2VyXzguanBnIiwic2xpZGVzaG93IjoiNmJiOWNlZCJ9\">\n\t\t\t\t\t<div class=\"e-gallery-image elementor-gallery-item__image\" data-thumbnail=\"https:\/\/www.hauser.de\/wp-content\/uploads\/2025\/04\/projekt_mindgarten_allgemeine_Suedboden_Muenchen_hauser_8.jpg\" data-width=\"1200\" data-height=\"800\" aria-label=\"Der Konferenzraum im Projekt Mindgarten besticht durch ein stimmungsvolles Lichtkonzept, moderne Medientechnik und warme Materialien. Eine perfekte Umgebung f\u00fcr produktive Meetings in inspirierender Atmosph\u00e4re \u2013 gestaltet von Hauser.\" role=\"img\" ><\/div>\n\t\t\t\t\t\t\t\t\t\t\t<div class=\"elementor-gallery-item__overlay\"><\/div>\n\t\t\t\t\t\t\t\t\t\t\t\t\t\t<\/a>\n\t\t\t\t\t\t\t<a class=\"e-gallery-item elementor-gallery-item elementor-animated-content\" href=\"https:\/\/www.hauser.de\/wp-content\/uploads\/2025\/04\/projekt_mindgarten_allgemeine_Suedboden_Muenchen_hauser_2.jpg\" data-elementor-open-lightbox=\"yes\" data-elementor-lightbox-slideshow=\"6bb9ced\" data-elementor-lightbox-title=\"projekt_mindgarten_allgemeine_Suedboden_Muenchen_hauser_2\" data-e-action-hash=\"#elementor-action%3Aaction%3Dlightbox%26settings%3DeyJpZCI6OTI5MiwidXJsIjoiaHR0cHM6XC9cL3d3dy5oYXVzZXIuZGVcL3dwLWNvbnRlbnRcL3VwbG9hZHNcLzIwMjVcLzA0XC9wcm9qZWt0X21pbmRnYXJ0ZW5fYWxsZ2VtZWluZV9TdWVkYm9kZW5fTXVlbmNoZW5faGF1c2VyXzIuanBnIiwic2xpZGVzaG93IjoiNmJiOWNlZCJ9\">\n\t\t\t\t\t<div class=\"e-gallery-image elementor-gallery-item__image\" data-thumbnail=\"https:\/\/www.hauser.de\/wp-content\/uploads\/2025\/04\/projekt_mindgarten_allgemeine_Suedboden_Muenchen_hauser_2.jpg\" data-width=\"1200\" data-height=\"800\" aria-label=\"Der transparente Besprechungsraum im Mindgarten vereint Offenheit und Funktionalit\u00e4t. Mit moderner Medientechnik, Stehtischen und ergonomischen Hockern schafft Hauser hier den idealen Ort f\u00fcr dynamische Meetings und kreative Zusammenarbeit.\" role=\"img\" ><\/div>\n\t\t\t\t\t\t\t\t\t\t\t<div class=\"elementor-gallery-item__overlay\"><\/div>\n\t\t\t\t\t\t\t\t\t\t\t\t\t\t<\/a>\n\t\t\t\t\t\t\t<a class=\"e-gallery-item elementor-gallery-item elementor-animated-content\" href=\"https:\/\/www.hauser.de\/wp-content\/uploads\/2025\/04\/projekt_mindgarten_allgemeine_Suedboden_Muenchen_hauser_3.jpg\" data-elementor-open-lightbox=\"yes\" data-elementor-lightbox-slideshow=\"6bb9ced\" data-elementor-lightbox-title=\"projekt_mindgarten_allgemeine_Suedboden_Muenchen_hauser_3\" data-e-action-hash=\"#elementor-action%3Aaction%3Dlightbox%26settings%3DeyJpZCI6OTI5NCwidXJsIjoiaHR0cHM6XC9cL3d3dy5oYXVzZXIuZGVcL3dwLWNvbnRlbnRcL3VwbG9hZHNcLzIwMjVcLzA0XC9wcm9qZWt0X21pbmRnYXJ0ZW5fYWxsZ2VtZWluZV9TdWVkYm9kZW5fTXVlbmNoZW5faGF1c2VyXzMuanBnIiwic2xpZGVzaG93IjoiNmJiOWNlZCJ9\">\n\t\t\t\t\t<div class=\"e-gallery-image elementor-gallery-item__image\" data-thumbnail=\"https:\/\/www.hauser.de\/wp-content\/uploads\/2025\/04\/projekt_mindgarten_allgemeine_Suedboden_Muenchen_hauser_3.jpg\" data-width=\"1200\" data-height=\"800\" aria-label=\"Das ist ein weiterer Bereich des Projekts Mindgarten bei der Allgemeinen S\u00fcdboden in M\u00fcnchen, realisiert von Hauser. Der Raum zeigt ein modernes, modulares Kommunikations- und Begegnungsareal mit flexibler M\u00f6blierung, Lounge-Zonen, akzentuierter Beleuchtung und einem kreativen Farbkonzept. Perfekt f\u00fcr Workshops, Vortr\u00e4ge oder informellen Austausch.\" role=\"img\" ><\/div>\n\t\t\t\t\t\t\t\t\t\t\t<div class=\"elementor-gallery-item__overlay\"><\/div>\n\t\t\t\t\t\t\t\t\t\t\t\t\t\t<\/a>\n\t\t\t\t\t\t\t<a class=\"e-gallery-item elementor-gallery-item elementor-animated-content\" href=\"https:\/\/www.hauser.de\/wp-content\/uploads\/2025\/04\/projekt_mindgarten_allgemeine_Suedboden_Muenchen_hauser_1.j.jpg\" data-elementor-open-lightbox=\"yes\" data-elementor-lightbox-slideshow=\"6bb9ced\" data-elementor-lightbox-title=\"projekt_mindgarten_allgemeine_Suedboden_Muenchen_hauser_1.j\" data-e-action-hash=\"#elementor-action%3Aaction%3Dlightbox%26settings%3DeyJpZCI6OTI5MCwidXJsIjoiaHR0cHM6XC9cL3d3dy5oYXVzZXIuZGVcL3dwLWNvbnRlbnRcL3VwbG9hZHNcLzIwMjVcLzA0XC9wcm9qZWt0X21pbmRnYXJ0ZW5fYWxsZ2VtZWluZV9TdWVkYm9kZW5fTXVlbmNoZW5faGF1c2VyXzEuai5qcGciLCJzbGlkZXNob3ciOiI2YmI5Y2VkIn0%3D\">\n\t\t\t\t\t<div class=\"e-gallery-image elementor-gallery-item__image\" data-thumbnail=\"https:\/\/www.hauser.de\/wp-content\/uploads\/2025\/04\/projekt_mindgarten_allgemeine_Suedboden_Muenchen_hauser_1.j.jpg\" data-width=\"1200\" data-height=\"800\" aria-label=\"Innovativer Meetingraum im Mindgarten: Hochwertige Steh-Sitz-Arbeitspl\u00e4tze, modernes Lichtdesign und akzentuierte Holzverkleidung schaffen ein inspirierendes Umfeld f\u00fcr agile Workshops und Pr\u00e4sentationen \u2013 realisiert von Hauser.\" role=\"img\" ><\/div>\n\t\t\t\t\t\t\t\t\t\t\t<div class=\"elementor-gallery-item__overlay\"><\/div>\n\t\t\t\t\t\t\t\t\t\t\t\t\t\t<\/a>\n\t\t\t\t\t\t\t<a class=\"e-gallery-item elementor-gallery-item elementor-animated-content\" href=\"https:\/\/www.hauser.de\/wp-content\/uploads\/2025\/04\/projekt_mindgarten_allgemeine_Suedboden_Muenchen_hauser_7.jpg\" data-elementor-open-lightbox=\"yes\" data-elementor-lightbox-slideshow=\"6bb9ced\" data-elementor-lightbox-title=\"projekt_mindgarten_allgemeine_Suedboden_Muenchen_hauser_7\" data-e-action-hash=\"#elementor-action%3Aaction%3Dlightbox%26settings%3DeyJpZCI6OTMwMiwidXJsIjoiaHR0cHM6XC9cL3d3dy5oYXVzZXIuZGVcL3dwLWNvbnRlbnRcL3VwbG9hZHNcLzIwMjVcLzA0XC9wcm9qZWt0X21pbmRnYXJ0ZW5fYWxsZ2VtZWluZV9TdWVkYm9kZW5fTXVlbmNoZW5faGF1c2VyXzcuanBnIiwic2xpZGVzaG93IjoiNmJiOWNlZCJ9\">\n\t\t\t\t\t<div class=\"e-gallery-image elementor-gallery-item__image\" data-thumbnail=\"https:\/\/www.hauser.de\/wp-content\/uploads\/2025\/04\/projekt_mindgarten_allgemeine_Suedboden_Muenchen_hauser_7.jpg\" data-width=\"1200\" data-height=\"800\" aria-label=\"Blick in den Besprechungsraum des Projekts Mindgarten: Eine durchdachte Kombination aus Akustikelementen, modernster Technik und stilvoller Beleuchtung sorgt f\u00fcr eine inspirierende Arbeitsumgebung \u2013 geplant und umgesetzt von Hauser.\" role=\"img\" ><\/div>\n\t\t\t\t\t\t\t\t\t\t\t<div class=\"elementor-gallery-item__overlay\"><\/div>\n\t\t\t\t\t\t\t\t\t\t\t\t\t\t<\/a>\n\t\t\t\t\t\t\t<a class=\"e-gallery-item elementor-gallery-item elementor-animated-content\" href=\"https:\/\/www.hauser.de\/wp-content\/uploads\/2025\/04\/projekt_mindgarten_allgemeine_Suedboden_Muenchen_hauser_6.jpg\" data-elementor-open-lightbox=\"yes\" data-elementor-lightbox-slideshow=\"6bb9ced\" data-elementor-lightbox-title=\"projekt_mindgarten_allgemeine_Suedboden_Muenchen_hauser_6\" data-e-action-hash=\"#elementor-action%3Aaction%3Dlightbox%26settings%3DeyJpZCI6OTMwMCwidXJsIjoiaHR0cHM6XC9cL3d3dy5oYXVzZXIuZGVcL3dwLWNvbnRlbnRcL3VwbG9hZHNcLzIwMjVcLzA0XC9wcm9qZWt0X21pbmRnYXJ0ZW5fYWxsZ2VtZWluZV9TdWVkYm9kZW5fTXVlbmNoZW5faGF1c2VyXzYuanBnIiwic2xpZGVzaG93IjoiNmJiOWNlZCJ9\">\n\t\t\t\t\t<div class=\"e-gallery-image elementor-gallery-item__image\" data-thumbnail=\"https:\/\/www.hauser.de\/wp-content\/uploads\/2025\/04\/projekt_mindgarten_allgemeine_Suedboden_Muenchen_hauser_6.jpg\" data-width=\"1200\" data-height=\"800\" aria-label=\"Die Lounge im Projekt Mindgarten beeindruckt mit warmen Holzelementen, indirekter Beleuchtung und durchdachtem M\u00f6beldesign. Ein einladender R\u00fcckzugsort \u2013 gestaltet von Hauser f\u00fcr entspannte Pausen und informelle Gespr\u00e4che.\" role=\"img\" ><\/div>\n\t\t\t\t\t\t\t\t\t\t\t<div class=\"elementor-gallery-item__overlay\"><\/div>\n\t\t\t\t\t\t\t\t\t\t\t\t\t\t<\/a>\n\t\t\t\t\t\t\t<a class=\"e-gallery-item elementor-gallery-item elementor-animated-content\" href=\"https:\/\/www.hauser.de\/wp-content\/uploads\/2025\/04\/projekt_mindgarten_allgemeine_Suedboden_Muenchen_hauser_5.jpg\" data-elementor-open-lightbox=\"yes\" data-elementor-lightbox-slideshow=\"6bb9ced\" data-elementor-lightbox-title=\"projekt_mindgarten_allgemeine_Suedboden_Muenchen_hauser_5\" data-e-action-hash=\"#elementor-action%3Aaction%3Dlightbox%26settings%3DeyJpZCI6OTI5OCwidXJsIjoiaHR0cHM6XC9cL3d3dy5oYXVzZXIuZGVcL3dwLWNvbnRlbnRcL3VwbG9hZHNcLzIwMjVcLzA0XC9wcm9qZWt0X21pbmRnYXJ0ZW5fYWxsZ2VtZWluZV9TdWVkYm9kZW5fTXVlbmNoZW5faGF1c2VyXzUuanBnIiwic2xpZGVzaG93IjoiNmJiOWNlZCJ9\">\n\t\t\t\t\t<div class=\"e-gallery-image elementor-gallery-item__image\" data-thumbnail=\"https:\/\/www.hauser.de\/wp-content\/uploads\/2025\/04\/projekt_mindgarten_allgemeine_Suedboden_Muenchen_hauser_5.jpg\" data-width=\"1200\" data-height=\"800\" aria-label=\"Die stilvolle K\u00fcchen- und Barzone im Mindgarten bietet Raum f\u00fcr Austausch und Begegnung. Warme Materialien, Rundb\u00f6gen mit Lichtinszenierung und durchdachtes Design machen diesen Bereich zu einem kommunikativen Herzst\u00fcck \u2013 umgesetzt von Hauser.\" role=\"img\" ><\/div>\n\t\t\t\t\t\t\t\t\t\t\t<div class=\"elementor-gallery-item__overlay\"><\/div>\n\t\t\t\t\t\t\t\t\t\t\t\t\t\t<\/a>\n\t\t\t\t\t<\/div>\n\t\t\t\t\t<\/div>\n\t\t\t\t<\/div>\n\t\t\t\t\t<\/div>\n\t\t<\/div>\n\t\t\t\t\t<\/div>\n\t\t<\/section>\n\t\t\t\t<\/div>\n\t\t","protected":false},"featured_media":9296,"template":"","kunde":[],"class_list":["post-9275","projekte","type-projekte","status-publish","has-post-thumbnail","hentry"],"yoast_head":"<!-- This site is optimized with the Yoast SEO Premium plugin v23.5 (Yoast SEO v27.5) - https:\/\/yoast.com\/product\/yoast-seo-premium-wordpress\/ -->\n<title>Project Mind Garden | Hauser Office Design GmbH<\/title>\n<meta name=\"robots\" content=\"index, follow, max-snippet:-1, max-image-preview:large, max-video-preview:-1\" \/>\n<link rel=\"canonical\" href=\"http:\/\/www.hauser.de\/en\/projects\/project-mind-garden\/\" \/>\n<meta property=\"og:locale\" content=\"en_US\" \/>\n<meta property=\"og:type\" content=\"article\" \/>\n<meta property=\"og:title\" content=\"Project Mind Garden\" \/>\n<meta property=\"og:url\" content=\"http:\/\/www.hauser.de\/en\/projects\/project-mind-garden\/\" \/>\n<meta property=\"og:site_name\" content=\"Hauser Office Design GmbH\" \/>\n<meta property=\"article:publisher\" content=\"https:\/\/www.facebook.com\/happypeoplespace\/\" \/>\n<meta property=\"article:modified_time\" content=\"2025-04-16T06:58:30+00:00\" \/>\n<meta property=\"og:image\" content=\"http:\/\/www.hauser.de\/wp-content\/uploads\/2025\/04\/projekt_mindgarten_allgemeine_Suedboden_Muenchen_hauser_4-1.jpg\" \/>\n\t<meta property=\"og:image:width\" content=\"1200\" \/>\n\t<meta property=\"og:image:height\" content=\"800\" \/>\n\t<meta property=\"og:image:type\" content=\"image\/jpeg\" \/>\n<meta name=\"twitter:card\" content=\"summary_large_image\" \/>\n<meta name=\"twitter:label1\" content=\"Est. reading time\" \/>\n\t<meta name=\"twitter:data1\" content=\"1 minute\" \/>\n<script type=\"application\/ld+json\" class=\"yoast-schema-graph\">{\"@context\":\"https:\\\/\\\/schema.org\",\"@graph\":[{\"@type\":\"WebPage\",\"@id\":\"http:\\\/\\\/www.hauser.de\\\/en\\\/projects\\\/project-mind-garden\\\/\",\"url\":\"http:\\\/\\\/www.hauser.de\\\/en\\\/projects\\\/project-mind-garden\\\/\",\"name\":\"Project Mind Garden | Hauser Office Design GmbH\",\"isPartOf\":{\"@id\":\"https:\\\/\\\/www.hauser.de\\\/#website\"},\"primaryImageOfPage\":{\"@id\":\"http:\\\/\\\/www.hauser.de\\\/en\\\/projects\\\/project-mind-garden\\\/#primaryimage\"},\"image\":{\"@id\":\"http:\\\/\\\/www.hauser.de\\\/en\\\/projects\\\/project-mind-garden\\\/#primaryimage\"},\"thumbnailUrl\":\"https:\\\/\\\/www.hauser.de\\\/wp-content\\\/uploads\\\/2025\\\/04\\\/projekt_mindgarten_allgemeine_Suedboden_Muenchen_hauser_4-1.jpg\",\"datePublished\":\"2025-04-15T19:59:50+00:00\",\"dateModified\":\"2025-04-16T06:58:30+00:00\",\"breadcrumb\":{\"@id\":\"http:\\\/\\\/www.hauser.de\\\/en\\\/projects\\\/project-mind-garden\\\/#breadcrumb\"},\"inLanguage\":\"en-US\",\"potentialAction\":[{\"@type\":\"ReadAction\",\"target\":[\"http:\\\/\\\/www.hauser.de\\\/en\\\/projects\\\/project-mind-garden\\\/\"]}]},{\"@type\":\"ImageObject\",\"inLanguage\":\"en-US\",\"@id\":\"http:\\\/\\\/www.hauser.de\\\/en\\\/projects\\\/project-mind-garden\\\/#primaryimage\",\"url\":\"https:\\\/\\\/www.hauser.de\\\/wp-content\\\/uploads\\\/2025\\\/04\\\/projekt_mindgarten_allgemeine_Suedboden_Muenchen_hauser_4-1.jpg\",\"contentUrl\":\"https:\\\/\\\/www.hauser.de\\\/wp-content\\\/uploads\\\/2025\\\/04\\\/projekt_mindgarten_allgemeine_Suedboden_Muenchen_hauser_4-1.jpg\",\"width\":1200,\"height\":800,\"caption\":\"Das ist ein weiterer Bereich des Projekts Mindgarten bei der Allgemeinen S\u00fcdboden in M\u00fcnchen, realisiert von Hauser. Der Raum zeigt ein modernes, modulares Kommunikations- und Begegnungsareal mit flexibler M\u00f6blierung, Lounge-Zonen, akzentuierter Beleuchtung und einem kreativen Farbkonzept. Perfekt f\u00fcr Workshops, Vortr\u00e4ge oder informellen Austausch.\"},{\"@type\":\"BreadcrumbList\",\"@id\":\"http:\\\/\\\/www.hauser.de\\\/en\\\/projects\\\/project-mind-garden\\\/#breadcrumb\",\"itemListElement\":[{\"@type\":\"ListItem\",\"position\":1,\"name\":\"Startseite\",\"item\":\"https:\\\/\\\/www.hauser.de\\\/en\\\/\"},{\"@type\":\"ListItem\",\"position\":2,\"name\":\"Projekte\",\"item\":\"https:\\\/\\\/www.hauser.de\\\/projekte\\\/\"},{\"@type\":\"ListItem\",\"position\":3,\"name\":\"Project Mind Garden\"}]},{\"@type\":\"WebSite\",\"@id\":\"https:\\\/\\\/www.hauser.de\\\/#website\",\"url\":\"https:\\\/\\\/www.hauser.de\\\/\",\"name\":\"Hauser Office Design GmbH\",\"description\":\"B\u00fcrom\u00f6bel und B\u00fcroeinrichtung M\u00fcnchen\",\"publisher\":{\"@id\":\"https:\\\/\\\/www.hauser.de\\\/#organization\"},\"potentialAction\":[{\"@type\":\"SearchAction\",\"target\":{\"@type\":\"EntryPoint\",\"urlTemplate\":\"https:\\\/\\\/www.hauser.de\\\/?s={search_term_string}\"},\"query-input\":{\"@type\":\"PropertyValueSpecification\",\"valueRequired\":true,\"valueName\":\"search_term_string\"}}],\"inLanguage\":\"en-US\"},{\"@type\":\"Organization\",\"@id\":\"https:\\\/\\\/www.hauser.de\\\/#organization\",\"name\":\"Hauser Office Design GmbH\",\"url\":\"https:\\\/\\\/www.hauser.de\\\/\",\"logo\":{\"@type\":\"ImageObject\",\"inLanguage\":\"en-US\",\"@id\":\"https:\\\/\\\/www.hauser.de\\\/#\\\/schema\\\/logo\\\/image\\\/\",\"url\":\"http:\\\/\\\/www.hauser.de\\\/wp-content\\\/uploads\\\/2022\\\/04\\\/cropped-favicon.png\",\"contentUrl\":\"http:\\\/\\\/www.hauser.de\\\/wp-content\\\/uploads\\\/2022\\\/04\\\/cropped-favicon.png\",\"width\":512,\"height\":512,\"caption\":\"Hauser Office Design GmbH\"},\"image\":{\"@id\":\"https:\\\/\\\/www.hauser.de\\\/#\\\/schema\\\/logo\\\/image\\\/\"},\"sameAs\":[\"https:\\\/\\\/www.facebook.com\\\/happypeoplespace\\\/\",\"https:\\\/\\\/de.linkedin.com\\\/company\\\/hauser-office-design-gmbh\",\"https:\\\/\\\/www.instagram.com\\\/hauseroffice\\\/\"]}]}<\/script>\n<!-- \/ Yoast SEO Premium plugin. -->","yoast_head_json":{"title":"Project Mind Garden | Hauser Office Design GmbH","robots":{"index":"index","follow":"follow","max-snippet":"max-snippet:-1","max-image-preview":"max-image-preview:large","max-video-preview":"max-video-preview:-1"},"canonical":"http:\/\/www.hauser.de\/en\/projects\/project-mind-garden\/","og_locale":"en_US","og_type":"article","og_title":"Project Mind Garden","og_url":"http:\/\/www.hauser.de\/en\/projects\/project-mind-garden\/","og_site_name":"Hauser Office Design GmbH","article_publisher":"https:\/\/www.facebook.com\/happypeoplespace\/","article_modified_time":"2025-04-16T06:58:30+00:00","og_image":[{"width":1200,"height":800,"url":"http:\/\/www.hauser.de\/wp-content\/uploads\/2025\/04\/projekt_mindgarten_allgemeine_Suedboden_Muenchen_hauser_4-1.jpg","type":"image\/jpeg"}],"twitter_card":"summary_large_image","twitter_misc":{"Est. reading time":"1 minute"},"schema":{"@context":"https:\/\/schema.org","@graph":[{"@type":"WebPage","@id":"http:\/\/www.hauser.de\/en\/projects\/project-mind-garden\/","url":"http:\/\/www.hauser.de\/en\/projects\/project-mind-garden\/","name":"Project Mind Garden | Hauser Office Design GmbH","isPartOf":{"@id":"https:\/\/www.hauser.de\/#website"},"primaryImageOfPage":{"@id":"http:\/\/www.hauser.de\/en\/projects\/project-mind-garden\/#primaryimage"},"image":{"@id":"http:\/\/www.hauser.de\/en\/projects\/project-mind-garden\/#primaryimage"},"thumbnailUrl":"https:\/\/www.hauser.de\/wp-content\/uploads\/2025\/04\/projekt_mindgarten_allgemeine_Suedboden_Muenchen_hauser_4-1.jpg","datePublished":"2025-04-15T19:59:50+00:00","dateModified":"2025-04-16T06:58:30+00:00","breadcrumb":{"@id":"http:\/\/www.hauser.de\/en\/projects\/project-mind-garden\/#breadcrumb"},"inLanguage":"en-US","potentialAction":[{"@type":"ReadAction","target":["http:\/\/www.hauser.de\/en\/projects\/project-mind-garden\/"]}]},{"@type":"ImageObject","inLanguage":"en-US","@id":"http:\/\/www.hauser.de\/en\/projects\/project-mind-garden\/#primaryimage","url":"https:\/\/www.hauser.de\/wp-content\/uploads\/2025\/04\/projekt_mindgarten_allgemeine_Suedboden_Muenchen_hauser_4-1.jpg","contentUrl":"https:\/\/www.hauser.de\/wp-content\/uploads\/2025\/04\/projekt_mindgarten_allgemeine_Suedboden_Muenchen_hauser_4-1.jpg","width":1200,"height":800,"caption":"Das ist ein weiterer Bereich des Projekts Mindgarten bei der Allgemeinen S\u00fcdboden in M\u00fcnchen, realisiert von Hauser. Der Raum zeigt ein modernes, modulares Kommunikations- und Begegnungsareal mit flexibler M\u00f6blierung, Lounge-Zonen, akzentuierter Beleuchtung und einem kreativen Farbkonzept. Perfekt f\u00fcr Workshops, Vortr\u00e4ge oder informellen Austausch."},{"@type":"BreadcrumbList","@id":"http:\/\/www.hauser.de\/en\/projects\/project-mind-garden\/#breadcrumb","itemListElement":[{"@type":"ListItem","position":1,"name":"Startseite","item":"https:\/\/www.hauser.de\/en\/"},{"@type":"ListItem","position":2,"name":"Projekte","item":"https:\/\/www.hauser.de\/projekte\/"},{"@type":"ListItem","position":3,"name":"Project Mind Garden"}]},{"@type":"WebSite","@id":"https:\/\/www.hauser.de\/#website","url":"https:\/\/www.hauser.de\/","name":"Hauser Office Design GmbH","description":"B\u00fcrom\u00f6bel und B\u00fcroeinrichtung M\u00fcnchen","publisher":{"@id":"https:\/\/www.hauser.de\/#organization"},"potentialAction":[{"@type":"SearchAction","target":{"@type":"EntryPoint","urlTemplate":"https:\/\/www.hauser.de\/?s={search_term_string}"},"query-input":{"@type":"PropertyValueSpecification","valueRequired":true,"valueName":"search_term_string"}}],"inLanguage":"en-US"},{"@type":"Organization","@id":"https:\/\/www.hauser.de\/#organization","name":"Hauser Office Design GmbH","url":"https:\/\/www.hauser.de\/","logo":{"@type":"ImageObject","inLanguage":"en-US","@id":"https:\/\/www.hauser.de\/#\/schema\/logo\/image\/","url":"http:\/\/www.hauser.de\/wp-content\/uploads\/2022\/04\/cropped-favicon.png","contentUrl":"http:\/\/www.hauser.de\/wp-content\/uploads\/2022\/04\/cropped-favicon.png","width":512,"height":512,"caption":"Hauser Office Design GmbH"},"image":{"@id":"https:\/\/www.hauser.de\/#\/schema\/logo\/image\/"},"sameAs":["https:\/\/www.facebook.com\/happypeoplespace\/","https:\/\/de.linkedin.com\/company\/hauser-office-design-gmbh","https:\/\/www.instagram.com\/hauseroffice\/"]}]}},"_links":{"self":[{"href":"https:\/\/www.hauser.de\/en\/wp-json\/wp\/v2\/projekte\/9275","targetHints":{"allow":["GET"]}}],"collection":[{"href":"https:\/\/www.hauser.de\/en\/wp-json\/wp\/v2\/projekte"}],"about":[{"href":"https:\/\/www.hauser.de\/en\/wp-json\/wp\/v2\/types\/projekte"}],"version-history":[{"count":5,"href":"https:\/\/www.hauser.de\/en\/wp-json\/wp\/v2\/projekte\/9275\/revisions"}],"predecessor-version":[{"id":9315,"href":"https:\/\/www.hauser.de\/en\/wp-json\/wp\/v2\/projekte\/9275\/revisions\/9315"}],"wp:featuredmedia":[{"embeddable":true,"href":"https:\/\/www.hauser.de\/en\/wp-json\/wp\/v2\/media\/9296"}],"wp:attachment":[{"href":"https:\/\/www.hauser.de\/en\/wp-json\/wp\/v2\/media?parent=9275"}],"wp:term":[{"taxonomy":"kunde","embeddable":true,"href":"https:\/\/www.hauser.de\/en\/wp-json\/wp\/v2\/kunde?post=9275"}],"curies":[{"name":"wp","href":"https:\/\/api.w.org\/{rel}","templated":true}]}}